{"id":54,"date":"2024-07-22T11:28:55","date_gmt":"2024-07-22T09:28:55","guid":{"rendered":"https:\/\/grenfestival.com\/?page_id=54"},"modified":"2024-10-07T11:25:17","modified_gmt":"2024-10-07T09:25:17","slug":"la-popotte-du-gren-2","status":"publish","type":"page","link":"https:\/\/grenfestival.com\/index.php\/la-popotte-du-gren-2\/","title":{"rendered":"La Popotte du GrEn"},"content":{"rendered":"\n<p><\/p>\n\n\n\n<p>Au fil des ann\u00e9es, les membres de l&rsquo;association ont cherch\u00e9 \u00e0 am\u00e9liorer la qualit\u00e9 de&nbsp; l&rsquo;\u00e9v\u00e9nement.&nbsp;<\/p>\n\n\n\n<p>Afin de respecter les valeurs qui font la force du <strong>GrEn Fest<\/strong> et de combiner les actions&nbsp; propos\u00e9es \u00e0 travers des cr\u00e9ations concr\u00e8tes, les b\u00e9n\u00e9voles ont lanc\u00e9 une restauration&nbsp; locale et responsable en cr\u00e9ant \u00a0\u00bb <strong>La Popotte du GrEn<\/strong>\u00ab\u00a0.&nbsp;<\/p>\n\n\n\n<p>C&rsquo;est \u00e0 partir du savoir-faire acquis par les b\u00e9n\u00e9voles au fil des \u00e9v\u00e9nements et gr\u00e2ce au&nbsp; soutien de la Mission \u00c9conomie Sociale et Solidaire du D\u00e9partement du Pas-de-Calais&nbsp; que le projet a pu devenir r\u00e9alit\u00e9.&nbsp;<\/p>\n\n\n\n<p>En 2018, le <strong>Pas-de-Calais<\/strong> a attribu\u00e9 au GrEn Fest le titre d&rsquo;\u00e9v\u00e9nement Innovant&nbsp; Socialement, notamment gr\u00e2ce \u00e0 cette restauration responsable.&nbsp;<\/p>\n\n\n\n<p>La principale ambition de<strong> la Popotte du GrEn<\/strong> est de proposer une restauration&nbsp; \u00e9v\u00e9nementielle locale et\/ou biologique en privil\u00e9giant les circuits-courts.&nbsp;<\/p>\n\n\n\n<p>Gr\u00e2ce au partenariat r\u00e9alis\u00e9 avec <strong>LeCourtCircuit.fr<\/strong> et les producteurs locaux, l&rsquo;association&nbsp; est en mesure de proposer lors du festival une restauration bas\u00e9e sur le respect de&nbsp; l&rsquo;environnement:&nbsp;<\/p>\n\n\n\n<p>\u2022 des <strong>animaux \u00e9lev\u00e9s sans antibiotiques, sans farines animales<\/strong>&nbsp;<\/p>\n\n\n\n<p>\u2022 des l\u00e9gumes cultiv\u00e9s <strong>sans pesticides&nbsp;<\/strong><\/p>\n\n\n\n<p>\u2022 des produits issus d&rsquo;un secteur <strong>g\u00e9ographiquement proche&nbsp;<\/strong><\/p>\n\n\n\n<p>Les ann\u00e9es suivantes, les b\u00e9n\u00e9voles ont cr\u00e9\u00e9 une <strong>cuisine nomade<\/strong> en am\u00e9nageant une caravane. Ainsi, l\u2019association a pu proposer un service de restauration en ext\u00e9rieur et sur d\u2019autres \u00e9v\u00e9nements culturels, pour promouvoir et d\u00e9mocratiser la cuisine locale.&nbsp;<\/p>\n\n\n\n<figure class=\"wp-block-embed is-type-video is-provider-youtube wp-block-embed-youtube wp-embed-aspect-16-9 wp-has-aspect-ratio\"><div class=\"wp-block-embed__wrapper\">\n<iframe loading=\"lazy\" title=\"GrEn Fest - la Popotte du GrEn - Innovation Sociale 2018\" width=\"525\" height=\"295\" src=\"https:\/\/www.youtube.com\/embed\/FBh4mLZOUwo?feature=oembed\" frameborder=\"0\" allow=\"accelerometer; autoplay; clipboard-write; encrypted-media; gyroscope; picture-in-picture; web-share\" referrerpolicy=\"strict-origin-when-cross-origin\" allowfullscreen><\/iframe>\n<\/div><\/figure>\n\n\n\n<figure class=\"wp-block-image size-large\"><img loading=\"lazy\" decoding=\"async\" width=\"1024\" height=\"576\" src=\"http:\/\/grenfestival.com\/wp-content\/uploads\/2024\/07\/La-popotte-du-gren-1024x576.png\" alt=\"\" class=\"wp-image-45\" srcset=\"https:\/\/grenfestival.com\/wp-content\/uploads\/2024\/07\/La-popotte-du-gren-1024x576.png 1024w, https:\/\/grenfestival.com\/wp-content\/uploads\/2024\/07\/La-popotte-du-gren-300x169.png 300w, https:\/\/grenfestival.com\/wp-content\/uploads\/2024\/07\/La-popotte-du-gren-768x432.png 768w, https:\/\/grenfestival.com\/wp-content\/uploads\/2024\/07\/La-popotte-du-gren-1536x864.png 1536w, https:\/\/grenfestival.com\/wp-content\/uploads\/2024\/07\/La-popotte-du-gren.png 1920w\" sizes=\"auto, (max-width: 767px) 89vw, (max-width: 1000px) 54vw, (max-width: 1071px) 543px, 580px\" \/><\/figure>\n\n\n\n<figure class=\"wp-block-gallery has-nested-images columns-default is-cropped wp-block-gallery-1 is-layout-flex wp-block-gallery-is-layout-flex\">\n<figure class=\"wp-block-image size-large\"><img loading=\"lazy\" decoding=\"async\" width=\"960\" height=\"540\" data-id=\"76\" src=\"https:\/\/grenfestival.com\/wp-content\/uploads\/2024\/07\/nos-producterus.jpg\" alt=\"\" class=\"wp-image-76\" srcset=\"https:\/\/grenfestival.com\/wp-content\/uploads\/2024\/07\/nos-producterus.jpg 960w, https:\/\/grenfestival.com\/wp-content\/uploads\/2024\/07\/nos-producterus-300x169.jpg 300w, https:\/\/grenfestival.com\/wp-content\/uploads\/2024\/07\/nos-producterus-768x432.jpg 768w\" sizes=\"auto, (max-width: 767px) 89vw, (max-width: 1000px) 54vw, (max-width: 1071px) 543px, 580px\" \/><\/figure>\n\n\n\n<figure class=\"wp-block-image size-large\"><img loading=\"lazy\" decoding=\"async\" width=\"206\" height=\"206\" data-id=\"77\" src=\"https:\/\/grenfestival.com\/wp-content\/uploads\/2024\/07\/muffins-1.jpg\" alt=\"\" class=\"wp-image-77\" srcset=\"https:\/\/grenfestival.com\/wp-content\/uploads\/2024\/07\/muffins-1.jpg 206w, https:\/\/grenfestival.com\/wp-content\/uploads\/2024\/07\/muffins-1-150x150.jpg 150w, https:\/\/grenfestival.com\/wp-content\/uploads\/2024\/07\/muffins-1-100x100.jpg 100w\" sizes=\"auto, (max-width: 206px) 100vw, 206px\" \/><\/figure>\n\n\n\n<figure class=\"wp-block-image size-large\"><img loading=\"lazy\" decoding=\"async\" width=\"1024\" height=\"459\" data-id=\"78\" src=\"https:\/\/grenfestival.com\/wp-content\/uploads\/2024\/07\/IMG20220605122813-1024x459.jpg\" alt=\"\" class=\"wp-image-78\" srcset=\"https:\/\/grenfestival.com\/wp-content\/uploads\/2024\/07\/IMG20220605122813-1024x459.jpg 1024w, https:\/\/grenfestival.com\/wp-content\/uploads\/2024\/07\/IMG20220605122813-300x134.jpg 300w, https:\/\/grenfestival.com\/wp-content\/uploads\/2024\/07\/IMG20220605122813-768x344.jpg 768w, https:\/\/grenfestival.com\/wp-content\/uploads\/2024\/07\/IMG20220605122813-1536x688.jpg 1536w, https:\/\/grenfestival.com\/wp-content\/uploads\/2024\/07\/IMG20220605122813-2048x917.jpg 2048w\" sizes=\"auto, (max-width: 767px) 89vw, (max-width: 1000px) 54vw, (max-width: 1071px) 543px, 580px\" \/><figcaption class=\"wp-element-caption\">oplus_0<\/figcaption><\/figure>\n<\/figure>\n\n\n\n<figure class=\"wp-block-image size-large\"><img loading=\"lazy\" decoding=\"async\" width=\"1024\" height=\"730\" src=\"http:\/\/grenfestival.com\/wp-content\/uploads\/2024\/07\/Identifiant-ESS-62-1024x730.png\" alt=\"\" class=\"wp-image-82\" srcset=\"https:\/\/grenfestival.com\/wp-content\/uploads\/2024\/07\/Identifiant-ESS-62-1024x730.png 1024w, https:\/\/grenfestival.com\/wp-content\/uploads\/2024\/07\/Identifiant-ESS-62-300x214.png 300w, https:\/\/grenfestival.com\/wp-content\/uploads\/2024\/07\/Identifiant-ESS-62-768x548.png 768w, https:\/\/grenfestival.com\/wp-content\/uploads\/2024\/07\/Identifiant-ESS-62.png 1233w\" sizes=\"auto, (max-width: 767px) 89vw, (max-width: 1000px) 54vw, (max-width: 1071px) 543px, 580px\" \/><\/figure>\n\n\n\n<figure class=\"wp-block-gallery has-nested-images columns-default is-cropped wp-block-gallery-2 is-layout-flex wp-block-gallery-is-layout-flex\">\n<figure class=\"wp-block-image size-large\"><img loading=\"lazy\" decoding=\"async\" width=\"1024\" height=\"683\" data-id=\"523\" src=\"https:\/\/grenfestival.com\/wp-content\/uploads\/2024\/10\/P1050095-1024x683.jpg\" alt=\"\" class=\"wp-image-523\" srcset=\"https:\/\/grenfestival.com\/wp-content\/uploads\/2024\/10\/P1050095-1024x683.jpg 1024w, https:\/\/grenfestival.com\/wp-content\/uploads\/2024\/10\/P1050095-300x200.jpg 300w, https:\/\/grenfestival.com\/wp-content\/uploads\/2024\/10\/P1050095-768x512.jpg 768w, https:\/\/grenfestival.com\/wp-content\/uploads\/2024\/10\/P1050095-1536x1024.jpg 1536w, https:\/\/grenfestival.com\/wp-content\/uploads\/2024\/10\/P1050095-2048x1365.jpg 2048w\" sizes=\"auto, (max-width: 767px) 89vw, (max-width: 1000px) 54vw, (max-width: 1071px) 543px, 580px\" \/><\/figure>\n\n\n\n<figure class=\"wp-block-image size-large\"><img loading=\"lazy\" decoding=\"async\" width=\"1024\" height=\"678\" data-id=\"526\" src=\"https:\/\/grenfestival.com\/wp-content\/uploads\/2024\/10\/DSC_0268-1024x678.jpg\" alt=\"\" class=\"wp-image-526\" srcset=\"https:\/\/grenfestival.com\/wp-content\/uploads\/2024\/10\/DSC_0268-1024x678.jpg 1024w, https:\/\/grenfestival.com\/wp-content\/uploads\/2024\/10\/DSC_0268-300x199.jpg 300w, https:\/\/grenfestival.com\/wp-content\/uploads\/2024\/10\/DSC_0268-768x509.jpg 768w, https:\/\/grenfestival.com\/wp-content\/uploads\/2024\/10\/DSC_0268-1536x1017.jpg 1536w, https:\/\/grenfestival.com\/wp-content\/uploads\/2024\/10\/DSC_0268-2048x1356.jpg 2048w\" sizes=\"auto, (max-width: 767px) 89vw, (max-width: 1000px) 54vw, (max-width: 1071px) 543px, 580px\" \/><\/figure>\n\n\n\n<figure class=\"wp-block-image size-large\"><img loading=\"lazy\" decoding=\"async\" width=\"1024\" height=\"683\" data-id=\"527\" src=\"https:\/\/grenfestival.com\/wp-content\/uploads\/2024\/10\/IMG_3095-1024x683.jpg\" alt=\"\" class=\"wp-image-527\" srcset=\"https:\/\/grenfestival.com\/wp-content\/uploads\/2024\/10\/IMG_3095-1024x683.jpg 1024w, https:\/\/grenfestival.com\/wp-content\/uploads\/2024\/10\/IMG_3095-300x200.jpg 300w, https:\/\/grenfestival.com\/wp-content\/uploads\/2024\/10\/IMG_3095-768x512.jpg 768w, https:\/\/grenfestival.com\/wp-content\/uploads\/2024\/10\/IMG_3095-1536x1024.jpg 1536w, https:\/\/grenfestival.com\/wp-content\/uploads\/2024\/10\/IMG_3095-2048x1365.jpg 2048w\" sizes=\"auto, (max-width: 767px) 89vw, (max-width: 1000px) 54vw, (max-width: 1071px) 543px, 580px\" \/><\/figure>\n<\/figure>\n","protected":false},"excerpt":{"rendered":"<p>Au fil des ann\u00e9es, les membres de l&rsquo;association ont cherch\u00e9 \u00e0 am\u00e9liorer la qualit\u00e9 de&nbsp; l&rsquo;\u00e9v\u00e9nement.&nbsp; Afin de respecter les valeurs qui font la force du GrEn Fest et de combiner les actions&nbsp; propos\u00e9es \u00e0 travers des cr\u00e9ations concr\u00e8tes, les b\u00e9n\u00e9voles ont lanc\u00e9 une restauration&nbsp; locale et responsable en cr\u00e9ant \u00a0\u00bb La Popotte du GrEn\u00ab\u00a0.&nbsp; &hellip; <\/p>\n<p class=\"link-more\"><a href=\"https:\/\/grenfestival.com\/index.php\/la-popotte-du-gren-2\/\" class=\"more-link\">Continuer la lecture<span class=\"screen-reader-text\"> de &laquo;&nbsp;La Popotte du GrEn&nbsp;&raquo;<\/span><\/a><\/p>\n","protected":false},"author":1,"featured_media":81,"parent":0,"menu_order":0,"comment_status":"closed","ping_status":"closed","template":"","meta":{"footnotes":""},"class_list":["post-54","page","type-page","status-publish","has-post-thumbnail","hentry"],"_links":{"self":[{"href":"https:\/\/grenfestival.com\/index.php\/wp-json\/wp\/v2\/pages\/54","targetHints":{"allow":["GET"]}}],"collection":[{"href":"https:\/\/grenfestival.com\/index.php\/wp-json\/wp\/v2\/pages"}],"about":[{"href":"https:\/\/grenfestival.com\/index.php\/wp-json\/wp\/v2\/types\/page"}],"author":[{"embeddable":true,"href":"https:\/\/grenfestival.com\/index.php\/wp-json\/wp\/v2\/users\/1"}],"replies":[{"embeddable":true,"href":"https:\/\/grenfestival.com\/index.php\/wp-json\/wp\/v2\/comments?post=54"}],"version-history":[{"count":7,"href":"https:\/\/grenfestival.com\/index.php\/wp-json\/wp\/v2\/pages\/54\/revisions"}],"predecessor-version":[{"id":528,"href":"https:\/\/grenfestival.com\/index.php\/wp-json\/wp\/v2\/pages\/54\/revisions\/528"}],"wp:featuredmedia":[{"embeddable":true,"href":"https:\/\/grenfestival.com\/index.php\/wp-json\/wp\/v2\/media\/81"}],"wp:attachment":[{"href":"https:\/\/grenfestival.com\/index.php\/wp-json\/wp\/v2\/media?parent=54"}],"curies":[{"name":"wp","href":"https:\/\/api.w.org\/{rel}","templated":true}]}}